{"id":22575,"date":"2021-09-30T12:52:09","date_gmt":"2021-09-30T10:52:09","guid":{"rendered":"https:\/\/www.ccfsrl.com\/?page_id=22575"},"modified":"2021-09-30T12:52:11","modified_gmt":"2021-09-30T10:52:11","slug":"press","status":"publish","type":"page","link":"https:\/\/www.ccfsrl.com\/es\/press\/","title":{"rendered":"Press"},"content":{"rendered":"\n<div class=\"wp-block-media-text alignwide has-media-on-the-right is-stacked-on-mobile\"><figure class=\"wp-block-media-text__media\"><a href=\"https:\/\/www.ccfsrl.com\/wp-content\/uploads\/2021\/07\/La_ghiacciola_puntoit_tif-primo-prototipo-prima-uscita.jpg\"><img loading=\"lazy\" decoding=\"async\" width=\"791\" height=\"1024\" src=\"https:\/\/www.ccfsrl.com\/wp-content\/uploads\/2021\/07\/La_ghiacciola_puntoit_tif-primo-prototipo-prima-uscita-791x1024.jpg\" alt=\"\" class=\"wp-image-22282\" srcset=\"https:\/\/www.ccfsrl.com\/wp-content\/uploads\/2021\/07\/La_ghiacciola_puntoit_tif-primo-prototipo-prima-uscita-791x1024.jpg 791w, https:\/\/www.ccfsrl.com\/wp-content\/uploads\/2021\/07\/La_ghiacciola_puntoit_tif-primo-prototipo-prima-uscita-232x300.jpg 232w, https:\/\/www.ccfsrl.com\/wp-content\/uploads\/2021\/07\/La_ghiacciola_puntoit_tif-primo-prototipo-prima-uscita-768x994.jpg 768w, https:\/\/www.ccfsrl.com\/wp-content\/uploads\/2021\/07\/La_ghiacciola_puntoit_tif-primo-prototipo-prima-uscita-700x906.jpg 700w, https:\/\/www.ccfsrl.com\/wp-content\/uploads\/2021\/07\/La_ghiacciola_puntoit_tif-primo-prototipo-prima-uscita.jpg 1155w\" sizes=\"auto, (max-width: 791px) 100vw, 791px\" \/><\/a><\/figure><div class=\"wp-block-media-text__content\">\n<p class=\"has-large-font-size\">Art\u00edculo publicado en PuntoIT<\/p>\n<\/div><\/div>\n\n\n\n<hr class=\"wp-block-separator is-style-wide\"\/>\n\n\n\n<div class=\"wp-block-media-text alignwide is-stacked-on-mobile\"><figure class=\"wp-block-media-text__media\"><a href=\"https:\/\/www.ccfsrl.com\/wp-content\/uploads\/2021\/07\/articolo_ghiacciola_ottobre2006-1.jpg\"><img loading=\"lazy\" decoding=\"async\" width=\"929\" height=\"869\" src=\"https:\/\/www.ccfsrl.com\/wp-content\/uploads\/2021\/07\/articolo_ghiacciola_ottobre2006-1.jpg\" alt=\"\" class=\"wp-image-22268\" srcset=\"https:\/\/www.ccfsrl.com\/wp-content\/uploads\/2021\/07\/articolo_ghiacciola_ottobre2006-1.jpg 929w, https:\/\/www.ccfsrl.com\/wp-content\/uploads\/2021\/07\/articolo_ghiacciola_ottobre2006-1-300x281.jpg 300w, https:\/\/www.ccfsrl.com\/wp-content\/uploads\/2021\/07\/articolo_ghiacciola_ottobre2006-1-768x718.jpg 768w, https:\/\/www.ccfsrl.com\/wp-content\/uploads\/2021\/07\/articolo_ghiacciola_ottobre2006-1-700x655.jpg 700w\" sizes=\"auto, (max-width: 929px) 100vw, 929px\" \/><\/a><\/figure><div class=\"wp-block-media-text__content\">\n<p class=\"has-large-font-size\">Art\u00edculo publicado en el n\u00famero de octubre de 2006 de Gelatiere Italiano<\/p>\n<\/div><\/div>\n\n\n\n<hr class=\"wp-block-separator is-style-wide\"\/>\n\n\n\n<div class=\"wp-block-media-text alignwide has-media-on-the-right is-stacked-on-mobile\"><figure class=\"wp-block-media-text__media\"><a href=\"https:\/\/www.ccfsrl.com\/wp-content\/uploads\/2021\/07\/intervista_gelatiere_nov_dicembre-2006.jpg\"><img loading=\"lazy\" decoding=\"async\" width=\"975\" height=\"1024\" src=\"https:\/\/www.ccfsrl.com\/wp-content\/uploads\/2021\/07\/intervista_gelatiere_nov_dicembre-2006-975x1024.jpg\" alt=\"\" class=\"wp-image-22276\" srcset=\"https:\/\/www.ccfsrl.com\/wp-content\/uploads\/2021\/07\/intervista_gelatiere_nov_dicembre-2006-975x1024.jpg 975w, https:\/\/www.ccfsrl.com\/wp-content\/uploads\/2021\/07\/intervista_gelatiere_nov_dicembre-2006-286x300.jpg 286w, https:\/\/www.ccfsrl.com\/wp-content\/uploads\/2021\/07\/intervista_gelatiere_nov_dicembre-2006-768x807.jpg 768w, https:\/\/www.ccfsrl.com\/wp-content\/uploads\/2021\/07\/intervista_gelatiere_nov_dicembre-2006-700x736.jpg 700w, https:\/\/www.ccfsrl.com\/wp-content\/uploads\/2021\/07\/intervista_gelatiere_nov_dicembre-2006.jpg 1340w\" sizes=\"auto, (max-width: 975px) 100vw, 975px\" \/><\/a><\/figure><div class=\"wp-block-media-text__content\">\n<p class=\"has-large-font-size\">Entrevista publicada en el n\u00famero de noviembre\/diciembre de 2006 de Gelatiere Italiano<\/p>\n<\/div><\/div>\n\n\n\n<hr class=\"wp-block-separator is-style-wide\"\/>\n\n\n\n<div class=\"wp-block-media-text alignwide is-stacked-on-mobile\"><figure class=\"wp-block-media-text__media\"><a href=\"https:\/\/www.ccfsrl.com\/wp-content\/uploads\/2021\/07\/articolo_Torino_Sette-2007.jpg\"><img loading=\"lazy\" decoding=\"async\" width=\"677\" height=\"1024\" src=\"https:\/\/www.ccfsrl.com\/wp-content\/uploads\/2021\/07\/articolo_Torino_Sette-2007-677x1024.jpg\" alt=\"\" class=\"wp-image-22272\" srcset=\"https:\/\/www.ccfsrl.com\/wp-content\/uploads\/2021\/07\/articolo_Torino_Sette-2007-677x1024.jpg 677w, https:\/\/www.ccfsrl.com\/wp-content\/uploads\/2021\/07\/articolo_Torino_Sette-2007-198x300.jpg 198w, https:\/\/www.ccfsrl.com\/wp-content\/uploads\/2021\/07\/articolo_Torino_Sette-2007-768x1161.jpg 768w, https:\/\/www.ccfsrl.com\/wp-content\/uploads\/2021\/07\/articolo_Torino_Sette-2007-700x1059.jpg 700w, https:\/\/www.ccfsrl.com\/wp-content\/uploads\/2021\/07\/articolo_Torino_Sette-2007.jpg 1015w\" sizes=\"auto, (max-width: 677px) 100vw, 677px\" \/><\/a><\/figure><div class=\"wp-block-media-text__content\">\n<p class=\"has-large-font-size\">Art\u00edculo publicado en Torino Sette 2007<\/p>\n<\/div><\/div>\n\n\n\n<hr class=\"wp-block-separator is-style-wide\"\/>\n\n\n\n<div class=\"wp-block-media-text alignwide has-media-on-the-right is-stacked-on-mobile\"><figure class=\"wp-block-media-text__media\"><a href=\"https:\/\/www.ccfsrl.com\/wp-content\/uploads\/2021\/07\/IL-SOLE-24-GENNAIO-2010.jpg\"><img loading=\"lazy\" decoding=\"async\" width=\"700\" height=\"470\" src=\"https:\/\/www.ccfsrl.com\/wp-content\/uploads\/2021\/07\/IL-SOLE-24-GENNAIO-2010.jpg\" alt=\"\" class=\"wp-image-22289\" srcset=\"https:\/\/www.ccfsrl.com\/wp-content\/uploads\/2021\/07\/IL-SOLE-24-GENNAIO-2010.jpg 700w, https:\/\/www.ccfsrl.com\/wp-content\/uploads\/2021\/07\/IL-SOLE-24-GENNAIO-2010-300x201.jpg 300w\" sizes=\"auto, (max-width: 700px) 100vw, 700px\" \/><\/a><\/figure><div class=\"wp-block-media-text__content\">\n<p class=\"has-large-font-size\">Art\u00edculo publicado en el Sole 24 Ore de enero de 2010<\/p>\n<\/div><\/div>\n\n\n\n<hr class=\"wp-block-separator is-style-wide\"\/>\n\n\n\n<div class=\"wp-block-media-text alignwide is-stacked-on-mobile\"><figure class=\"wp-block-media-text__media\"><a href=\"https:\/\/www.ccfsrl.com\/wp-content\/uploads\/2021\/07\/new-york-time-2010.jpg\"><img loading=\"lazy\" decoding=\"async\" width=\"731\" height=\"1024\" src=\"https:\/\/www.ccfsrl.com\/wp-content\/uploads\/2021\/07\/new-york-time-2010-731x1024.jpg\" alt=\"\" class=\"wp-image-22293\" srcset=\"https:\/\/www.ccfsrl.com\/wp-content\/uploads\/2021\/07\/new-york-time-2010-731x1024.jpg 731w, https:\/\/www.ccfsrl.com\/wp-content\/uploads\/2021\/07\/new-york-time-2010-214x300.jpg 214w, https:\/\/www.ccfsrl.com\/wp-content\/uploads\/2021\/07\/new-york-time-2010-768x1075.jpg 768w, https:\/\/www.ccfsrl.com\/wp-content\/uploads\/2021\/07\/new-york-time-2010-1097x1536.jpg 1097w, https:\/\/www.ccfsrl.com\/wp-content\/uploads\/2021\/07\/new-york-time-2010-700x980.jpg 700w, https:\/\/www.ccfsrl.com\/wp-content\/uploads\/2021\/07\/new-york-time-2010.jpg 1200w\" sizes=\"auto, (max-width: 731px) 100vw, 731px\" \/><\/a><\/figure><div class=\"wp-block-media-text__content\">\n<p class=\"has-large-font-size\">Art\u00edculo publicado en el New York Times de mayo de 2010<\/p>\n<\/div><\/div>\n\n\n\n<hr class=\"wp-block-separator is-style-wide\"\/>\n\n\n\n<div class=\"wp-block-media-text alignwide has-media-on-the-right is-stacked-on-mobile\"><figure class=\"wp-block-media-text__media\"><a href=\"https:\/\/www.ccfsrl.com\/wp-content\/uploads\/2021\/07\/storie-di-gelato_art2018.pdf\" target=\"_blank\" rel=\"noopener noreferrer\"><img loading=\"lazy\" decoding=\"async\" width=\"833\" height=\"1024\" src=\"https:\/\/www.ccfsrl.com\/wp-content\/uploads\/2021\/07\/storie-di-gelato_art2018-2-833x1024.jpg\" alt=\"\" class=\"wp-image-22297\" srcset=\"https:\/\/www.ccfsrl.com\/wp-content\/uploads\/2021\/07\/storie-di-gelato_art2018-2-833x1024.jpg 833w, https:\/\/www.ccfsrl.com\/wp-content\/uploads\/2021\/07\/storie-di-gelato_art2018-2-244x300.jpg 244w, https:\/\/www.ccfsrl.com\/wp-content\/uploads\/2021\/07\/storie-di-gelato_art2018-2-768x944.jpg 768w, https:\/\/www.ccfsrl.com\/wp-content\/uploads\/2021\/07\/storie-di-gelato_art2018-2-1250x1536.jpg 1250w, https:\/\/www.ccfsrl.com\/wp-content\/uploads\/2021\/07\/storie-di-gelato_art2018-2-700x860.jpg 700w, https:\/\/www.ccfsrl.com\/wp-content\/uploads\/2021\/07\/storie-di-gelato_art2018-2.jpg 1500w\" sizes=\"auto, (max-width: 833px) 100vw, 833px\" \/><\/a><\/figure><div class=\"wp-block-media-text__content\">\n<p class=\"has-large-font-size\">Art\u00edculo publicado en Storie di Gelato 2018<\/p>\n<\/div><\/div>\n\n\n\n<hr class=\"wp-block-separator is-style-wide\"\/>\n\n\n\n<div class=\"wp-block-media-text alignwide is-stacked-on-mobile\"><figure class=\"wp-block-media-text__media\"><a href=\"https:\/\/www.ccfsrl.com\/wp-content\/uploads\/2021\/07\/Publireda2021.jpg\"><img loading=\"lazy\" decoding=\"async\" width=\"716\" height=\"1024\" src=\"https:\/\/www.ccfsrl.com\/wp-content\/uploads\/2021\/07\/Publireda2021-716x1024.jpg\" alt=\"\" class=\"wp-image-22301\" srcset=\"https:\/\/www.ccfsrl.com\/wp-content\/uploads\/2021\/07\/Publireda2021-716x1024.jpg 716w, https:\/\/www.ccfsrl.com\/wp-content\/uploads\/2021\/07\/Publireda2021-210x300.jpg 210w, https:\/\/www.ccfsrl.com\/wp-content\/uploads\/2021\/07\/Publireda2021-768x1099.jpg 768w, https:\/\/www.ccfsrl.com\/wp-content\/uploads\/2021\/07\/Publireda2021-1074x1536.jpg 1074w, https:\/\/www.ccfsrl.com\/wp-content\/uploads\/2021\/07\/Publireda2021-1432x2048.jpg 1432w, https:\/\/www.ccfsrl.com\/wp-content\/uploads\/2021\/07\/Publireda2021-700x1001.jpg 700w, https:\/\/www.ccfsrl.com\/wp-content\/uploads\/2021\/07\/Publireda2021.jpg 1600w\" sizes=\"auto, (max-width: 716px) 100vw, 716px\" \/><\/a><\/figure><div class=\"wp-block-media-text__content\">\n<p class=\"has-large-font-size\">Art\u00edculo publicado en Il Gelato Artigianale 2021<\/p>\n<\/div><\/div>\n\n\n\n<hr class=\"wp-block-separator is-style-wide\"\/>\n\n\n\n<div class=\"wp-block-media-text alignwide has-media-on-the-right is-stacked-on-mobile\"><figure class=\"wp-block-media-text__media\"><a href=\"https:\/\/www.ccfsrl.com\/wp-content\/uploads\/2021\/07\/Redazionale-punto-it-2021.jpg\"><img loading=\"lazy\" decoding=\"async\" width=\"817\" height=\"1024\" src=\"https:\/\/www.ccfsrl.com\/wp-content\/uploads\/2021\/07\/Redazionale-punto-it-2021-817x1024.jpg\" alt=\"\" class=\"wp-image-22305\" srcset=\"https:\/\/www.ccfsrl.com\/wp-content\/uploads\/2021\/07\/Redazionale-punto-it-2021-817x1024.jpg 817w, https:\/\/www.ccfsrl.com\/wp-content\/uploads\/2021\/07\/Redazionale-punto-it-2021-239x300.jpg 239w, https:\/\/www.ccfsrl.com\/wp-content\/uploads\/2021\/07\/Redazionale-punto-it-2021-768x963.jpg 768w, https:\/\/www.ccfsrl.com\/wp-content\/uploads\/2021\/07\/Redazionale-punto-it-2021-1225x1536.jpg 1225w, https:\/\/www.ccfsrl.com\/wp-content\/uploads\/2021\/07\/Redazionale-punto-it-2021-700x878.jpg 700w, https:\/\/www.ccfsrl.com\/wp-content\/uploads\/2021\/07\/Redazionale-punto-it-2021.jpg 1500w\" sizes=\"auto, (max-width: 817px) 100vw, 817px\" \/><\/a><\/figure><div class=\"wp-block-media-text__content\">\n<p class=\"has-large-font-size\">Art\u00edculo publicado en PuntoIT 2021<\/p>\n<\/div><\/div>\n","protected":false},"excerpt":{"rendered":"<p>Art\u00edculo publicado en PuntoIT Art\u00edculo publicado en el n\u00famero de octubre de 2006 de Gelatiere Italiano Entrevista publicada en el n\u00famero de noviembre\/diciembre de 2006 de Gelatiere Italiano Art\u00edculo publicado en Torino Sette 2007 Art\u00edculo publicado en el Sole 24 Ore de enero de 2010&#8230;<\/p>\n","protected":false},"author":1,"featured_media":0,"parent":0,"menu_order":0,"comment_status":"closed","ping_status":"closed","template":"","meta":{"footnotes":""},"class_list":["post-22575","page","type-page","status-publish","hentry"],"yoast_head":"<!-- This site is optimized with the Yoast SEO plugin v23.6 - https:\/\/yoast.com\/wordpress\/plugins\/seo\/ -->\n<title>Press | CCF<\/title>\n<meta name=\"robots\" content=\"index, follow, max-snippet:-1, max-image-preview:large, max-video-preview:-1\" \/>\n<link rel=\"canonical\" href=\"https:\/\/www.ccfsrl.com\/es\/press\/\" \/>\n<meta property=\"og:locale\" content=\"es_ES\" \/>\n<meta property=\"og:type\" content=\"article\" \/>\n<meta property=\"og:title\" content=\"Press | CCF\" \/>\n<meta property=\"og:description\" content=\"Art\u00edculo publicado en PuntoIT Art\u00edculo publicado en el n\u00famero de octubre de 2006 de Gelatiere Italiano Entrevista publicada en el n\u00famero de noviembre\/diciembre de 2006 de Gelatiere Italiano Art\u00edculo publicado en Torino Sette 2007 Art\u00edculo publicado en el Sole 24 Ore de enero de 2010...\" \/>\n<meta property=\"og:url\" content=\"https:\/\/www.ccfsrl.com\/es\/press\/\" \/>\n<meta property=\"og:site_name\" content=\"CCF\" \/>\n<meta property=\"article:modified_time\" content=\"2021-09-30T10:52:11+00:00\" \/>\n<meta property=\"og:image\" content=\"https:\/\/www.ccfsrl.com\/wp-content\/uploads\/2021\/07\/La_ghiacciola_puntoit_tif-primo-prototipo-prima-uscita-791x1024.jpg\" \/>\n<meta name=\"twitter:card\" content=\"summary_large_image\" \/>\n<script type=\"application\/ld+json\" class=\"yoast-schema-graph\">{\"@context\":\"https:\/\/schema.org\",\"@graph\":[{\"@type\":\"WebPage\",\"@id\":\"https:\/\/www.ccfsrl.com\/es\/press\/\",\"url\":\"https:\/\/www.ccfsrl.com\/es\/press\/\",\"name\":\"Press | CCF\",\"isPartOf\":{\"@id\":\"https:\/\/www.ccfsrl.com\/#website\"},\"primaryImageOfPage\":{\"@id\":\"https:\/\/www.ccfsrl.com\/es\/press\/#primaryimage\"},\"image\":{\"@id\":\"https:\/\/www.ccfsrl.com\/es\/press\/#primaryimage\"},\"thumbnailUrl\":\"https:\/\/www.ccfsrl.com\/wp-content\/uploads\/2021\/07\/La_ghiacciola_puntoit_tif-primo-prototipo-prima-uscita-791x1024.jpg\",\"datePublished\":\"2021-09-30T10:52:09+00:00\",\"dateModified\":\"2021-09-30T10:52:11+00:00\",\"breadcrumb\":{\"@id\":\"https:\/\/www.ccfsrl.com\/es\/press\/#breadcrumb\"},\"inLanguage\":\"es\",\"potentialAction\":[{\"@type\":\"ReadAction\",\"target\":[\"https:\/\/www.ccfsrl.com\/es\/press\/\"]}]},{\"@type\":\"ImageObject\",\"inLanguage\":\"es\",\"@id\":\"https:\/\/www.ccfsrl.com\/es\/press\/#primaryimage\",\"url\":\"https:\/\/www.ccfsrl.com\/wp-content\/uploads\/2021\/07\/La_ghiacciola_puntoit_tif-primo-prototipo-prima-uscita-791x1024.jpg\",\"contentUrl\":\"https:\/\/www.ccfsrl.com\/wp-content\/uploads\/2021\/07\/La_ghiacciola_puntoit_tif-primo-prototipo-prima-uscita-791x1024.jpg\"},{\"@type\":\"BreadcrumbList\",\"@id\":\"https:\/\/www.ccfsrl.com\/es\/press\/#breadcrumb\",\"itemListElement\":[{\"@type\":\"ListItem\",\"position\":1,\"name\":\"Home\",\"item\":\"https:\/\/www.ccfsrl.com\/es\/\"},{\"@type\":\"ListItem\",\"position\":2,\"name\":\"Press\"}]},{\"@type\":\"WebSite\",\"@id\":\"https:\/\/www.ccfsrl.com\/#website\",\"url\":\"https:\/\/www.ccfsrl.com\/\",\"name\":\"CCF\",\"description\":\"Macchine per gelato su stecco\",\"potentialAction\":[{\"@type\":\"SearchAction\",\"target\":{\"@type\":\"EntryPoint\",\"urlTemplate\":\"https:\/\/www.ccfsrl.com\/?s={search_term_string}\"},\"query-input\":{\"@type\":\"PropertyValueSpecification\",\"valueRequired\":true,\"valueName\":\"search_term_string\"}}],\"inLanguage\":\"es\"}]}<\/script>\n<!-- \/ Yoast SEO plugin. -->","yoast_head_json":{"title":"Press | CCF","robots":{"index":"index","follow":"follow","max-snippet":"max-snippet:-1","max-image-preview":"max-image-preview:large","max-video-preview":"max-video-preview:-1"},"canonical":"https:\/\/www.ccfsrl.com\/es\/press\/","og_locale":"es_ES","og_type":"article","og_title":"Press | CCF","og_description":"Art\u00edculo publicado en PuntoIT Art\u00edculo publicado en el n\u00famero de octubre de 2006 de Gelatiere Italiano Entrevista publicada en el n\u00famero de noviembre\/diciembre de 2006 de Gelatiere Italiano Art\u00edculo publicado en Torino Sette 2007 Art\u00edculo publicado en el Sole 24 Ore de enero de 2010...","og_url":"https:\/\/www.ccfsrl.com\/es\/press\/","og_site_name":"CCF","article_modified_time":"2021-09-30T10:52:11+00:00","og_image":[{"url":"https:\/\/www.ccfsrl.com\/wp-content\/uploads\/2021\/07\/La_ghiacciola_puntoit_tif-primo-prototipo-prima-uscita-791x1024.jpg"}],"twitter_card":"summary_large_image","schema":{"@context":"https:\/\/schema.org","@graph":[{"@type":"WebPage","@id":"https:\/\/www.ccfsrl.com\/es\/press\/","url":"https:\/\/www.ccfsrl.com\/es\/press\/","name":"Press | CCF","isPartOf":{"@id":"https:\/\/www.ccfsrl.com\/#website"},"primaryImageOfPage":{"@id":"https:\/\/www.ccfsrl.com\/es\/press\/#primaryimage"},"image":{"@id":"https:\/\/www.ccfsrl.com\/es\/press\/#primaryimage"},"thumbnailUrl":"https:\/\/www.ccfsrl.com\/wp-content\/uploads\/2021\/07\/La_ghiacciola_puntoit_tif-primo-prototipo-prima-uscita-791x1024.jpg","datePublished":"2021-09-30T10:52:09+00:00","dateModified":"2021-09-30T10:52:11+00:00","breadcrumb":{"@id":"https:\/\/www.ccfsrl.com\/es\/press\/#breadcrumb"},"inLanguage":"es","potentialAction":[{"@type":"ReadAction","target":["https:\/\/www.ccfsrl.com\/es\/press\/"]}]},{"@type":"ImageObject","inLanguage":"es","@id":"https:\/\/www.ccfsrl.com\/es\/press\/#primaryimage","url":"https:\/\/www.ccfsrl.com\/wp-content\/uploads\/2021\/07\/La_ghiacciola_puntoit_tif-primo-prototipo-prima-uscita-791x1024.jpg","contentUrl":"https:\/\/www.ccfsrl.com\/wp-content\/uploads\/2021\/07\/La_ghiacciola_puntoit_tif-primo-prototipo-prima-uscita-791x1024.jpg"},{"@type":"BreadcrumbList","@id":"https:\/\/www.ccfsrl.com\/es\/press\/#breadcrumb","itemListElement":[{"@type":"ListItem","position":1,"name":"Home","item":"https:\/\/www.ccfsrl.com\/es\/"},{"@type":"ListItem","position":2,"name":"Press"}]},{"@type":"WebSite","@id":"https:\/\/www.ccfsrl.com\/#website","url":"https:\/\/www.ccfsrl.com\/","name":"CCF","description":"Macchine per gelato su stecco","potentialAction":[{"@type":"SearchAction","target":{"@type":"EntryPoint","urlTemplate":"https:\/\/www.ccfsrl.com\/?s={search_term_string}"},"query-input":{"@type":"PropertyValueSpecification","valueRequired":true,"valueName":"search_term_string"}}],"inLanguage":"es"}]}},"_links":{"self":[{"href":"https:\/\/www.ccfsrl.com\/es\/wp-json\/wp\/v2\/pages\/22575","targetHints":{"allow":["GET"]}}],"collection":[{"href":"https:\/\/www.ccfsrl.com\/es\/wp-json\/wp\/v2\/pages"}],"about":[{"href":"https:\/\/www.ccfsrl.com\/es\/wp-json\/wp\/v2\/types\/page"}],"author":[{"embeddable":true,"href":"https:\/\/www.ccfsrl.com\/es\/wp-json\/wp\/v2\/users\/1"}],"replies":[{"embeddable":true,"href":"https:\/\/www.ccfsrl.com\/es\/wp-json\/wp\/v2\/comments?post=22575"}],"version-history":[{"count":1,"href":"https:\/\/www.ccfsrl.com\/es\/wp-json\/wp\/v2\/pages\/22575\/revisions"}],"predecessor-version":[{"id":22576,"href":"https:\/\/www.ccfsrl.com\/es\/wp-json\/wp\/v2\/pages\/22575\/revisions\/22576"}],"wp:attachment":[{"href":"https:\/\/www.ccfsrl.com\/es\/wp-json\/wp\/v2\/media?parent=22575"}],"curies":[{"name":"wp","href":"https:\/\/api.w.org\/{rel}","templated":true}]}}